{"id":2123,"date":"2023-12-29T06:43:31","date_gmt":"2023-12-29T05:43:31","guid":{"rendered":"https:\/\/www1.eurogate.de\/karriere\/?post_type=ausbildungsprofil&#038;p=2123"},"modified":"2024-01-23T15:04:32","modified_gmt":"2024-01-23T14:04:32","slug":"ausbildung-fachinformatikerin-anwendungsentwicklung-m-w-d","status":"publish","type":"ausbildungsprofil","link":"https:\/\/www1.eurogate.de\/karriere\/ausbildungsprofil\/ausbildung-fachinformatikerin-anwendungsentwicklung-m-w-d\/","title":{"rendered":"Ausbildung Fachinformatiker Anwendungsentwicklung (m\/w\/d)\u00a0"},"content":{"rendered":"","protected":false},"template":"","class_list":["post-2123","ausbildungsprofil","type-ausbildungsprofil","status-publish","hentry"],"slogan":"F\u00fcr IT-Probleml\u00f6ser:innen! ","stellentitel":"Ausbildung Fachinformatiker <br>Anwendungsentwicklung (m\/w\/d) ","das_bringst_du_mit":"\u2022 Du hast (bald) mindestens einen guten Mittleren Schulabschluss (MSA) in der Tasche, idealerweise sogar die (Fach-)Hochschulreife mit guten Leistungen Mathematik und Englisch \r\n\r\n\u2022 Du sp\u00fcrst Begeisterung f\u00fcr Programmierung und Technik \r\n\r\n\u2022 Du bist verantwortungsbewusst, kommunikativ und ein wahrer Teamplayer ","das_ist_dein_ziel":"Du sprichst nicht viele Sprachen? Bist aber trotzdem ein Sprach-Genie? Dann ist Deine Komfortzone die IT! Komm zu uns \u2013 und werde Fachinformatiker:in f\u00fcr Anwendungsentwicklung. Dabei lernst Du die g\u00e4ngigen Programmiersprachen und deren Einsatzgebiete. Und baust Hard- und Softwaresysteme, Netzwerke und Serversysteme auf. Du entwickelst und programmierst Software-L\u00f6sungen und garantierst einen st\u00f6rungsfreien Ablauf. Am Ende Deiner Ausbildung hast Du auf jede m\u00f6gliche Fehlermeldung gleich mehrere passende Antworten parat. ","das_ist_das_tolle_daran":"Moderne Entwicklungstools, Software-Engineering, Projektplanung, Anwenderschulungen \u2013 in Deiner Ausbildung genie\u00dft Du das volle Programm. Und kannst Deine Ideen aktiv im Prozess einbringen. ","deine_investition":"3 Jahre, Montag bis Freitag \u2013 in Bremerhaven oder Hamburg ","deine_perspektive":"Die Welt ist digital \u2013 und auch wir im Hafen sind von zukunftsf\u00e4higen Apps und Programmen abh\u00e4ngig. Nicht nur im Hafen. Oder in der Logistikbranche. Sondern \u00fcbergreifend in allen Lebensbereichen. Eine bessere Vorbereitung gibt es also nicht. ","headerbild":{"ID":"2144","post_author":"1","post_date":"2023-12-29 06:57:09","post_date_gmt":"2023-12-29 05:57:09","post_content":"","post_title":"8","post_excerpt":"","post_status":"inherit","comment_status":"closed","ping_status":"closed","post_password":"","post_name":"8","to_ping":"","pinged":"","post_modified":"2023-12-29 07:01:44","post_modified_gmt":"2023-12-29 06:01:44","post_content_filtered":"","post_parent":"2123","guid":"https:\/\/www1.eurogate.de\/karriere\/wp-content\/uploads\/2023\/12\/8.jpg","menu_order":"0","post_type":"attachment","post_mime_type":"image\/jpeg","comment_count":"0","pod_item_id":"2144"},"_links":{"self":[{"href":"https:\/\/www1.eurogate.de\/karriere\/wp-json\/wp\/v2\/ausbildungsprofil\/2123","targetHints":{"allow":["GET"]}}],"collection":[{"href":"https:\/\/www1.eurogate.de\/karriere\/wp-json\/wp\/v2\/ausbildungsprofil"}],"about":[{"href":"https:\/\/www1.eurogate.de\/karriere\/wp-json\/wp\/v2\/types\/ausbildungsprofil"}],"wp:attachment":[{"href":"https:\/\/www1.eurogate.de\/karriere\/wp-json\/wp\/v2\/media?parent=2123"}],"curies":[{"name":"wp","href":"https:\/\/api.w.org\/{rel}","templated":true}]}}